{"id":3,"date":"2019-12-13T11:53:59","date_gmt":"2019-12-13T11:53:59","guid":{"rendered":"https:\/\/nhobo.com\/fundacio\/?page_id=3"},"modified":"2026-02-26T09:59:52","modified_gmt":"2026-02-26T09:59:52","slug":"politica-privacidad","status":"publish","type":"page","link":"https:\/\/femlamerced.org\/es\/politica-privacidad\/","title":{"rendered":"Pol\u00edtica de privacidad"},"content":{"rendered":"<div class=\"wrapper style2\">\n<p>POL\u00cdTICA DE PROTECCI\u00d3N DE DATOS PERSONALES<\/p>\n<p><b>RESPONSABLE DEL TRATAMIENTO<\/b><\/p>\n<p>FUNDACI\u00d3N EDUCATIVA LA MERCED \u2013<span class=\"Apple-converted-space\">\u00a0<\/span><\/p>\n<p>CIF: G63899603<\/p>\n<p>Direcci\u00f3n Postal: c\/ Verge de la Merc\u00e8, 16 \u2013 08980 Sant Feliu de Llobregat<\/p>\n<p>Tel\u00e9fono: 976 276 583<\/p>\n<p>Correo electr\u00f3nico: secretaria@santfeliu.femlamerce.cat<\/p>\n<p>La FUNDACI\u00d3N EDUCATIVA LA MERCED ha designado un Delegado\/Delegada de Protecci\u00f3n de Datos, de conformidad con el art\u00edculo 37 del Reglamento (UE) 2016\/679. Las personas interesadas pueden contactar con el Delegado\/Delegada de Protecci\u00f3n de Datos para cualquier cuesti\u00f3n relacionada con el tratamiento de sus datos personales o para ejercer los derechos reconocidos por la normativa vigente, a trav\u00e9s del correo electr\u00f3nico siguiente: <a href=\"mailto:encarna.hernandez@santfeliu.femlamerce.cat\">encarna.hernandez@santfeliu.femlamerce.cat<\/a><\/p>\n<p><b>FINALIDADES DEL TRATAMIENTO<\/b><\/p>\n<p>Los datos personales facilitados a la FUNDACI\u00d3N EDUCATIVA LA MERCED ser\u00e1n tratados con las finalidades siguientes:<\/p>\n<p>a) Gesti\u00f3n de la acci\u00f3n educativa y orientadora<\/p>\n<p>Organizaci\u00f3n, desarrollo y gesti\u00f3n de la actividad educativa del centro, incluyendo la ense\u00f1anza reglada, las actividades complementarias y extraescolares, los servicios escolares, la orientaci\u00f3n acad\u00e9mica y psicopedag\u00f3gica, as\u00ed como el seguimiento del proceso educativo y de socializaci\u00f3n del alumnado.<\/p>\n<p>b) Gesti\u00f3n acad\u00e9mica, administrativa y econ\u00f3mica<\/p>\n<p>Gesti\u00f3n de la matr\u00edcula, expedientes acad\u00e9micos, evaluaciones, certificaciones, comunicaciones con las familias, facturaci\u00f3n, cobros, seguros escolares y el resto de gestiones administrativas necesarias para el funcionamiento ordinario del centro.<\/p>\n<p>c) Tratamiento de datos de salud y psicopedag\u00f3gicas<\/p>\n<p>Tratamiento de los datos estrictamente necesarios relativos a la salud, necesidades educativas especiales o informaci\u00f3n psicopedag\u00f3gica del alumnado, con la finalidad de garantizar una atenci\u00f3n educativa adecuada, su bienestar y la protecci\u00f3n del inter\u00e9s superior del menor.<\/p>\n<p>d) Captaci\u00f3n y difusi\u00f3n de im\u00e1genes<\/p>\n<p>Captaci\u00f3n y difusi\u00f3n de im\u00e1genes y grabaciones audiovisuales del alumnado en actividades escolares o extraescolares, exclusivamente cuando se haya obtenido previamente el consentimiento expreso de sus representantes legales.<\/p>\n<p>e) Gesti\u00f3n de contactos y consultas a trav\u00e9s de la web<\/p>\n<p>Atenci\u00f3n y respuesta a las consultas, solicitudes de informaci\u00f3n o comunicaciones realizadas por las personas usuarias mediante los formularios de contacto del sitio web del centro o por correo electr\u00f3nico.<\/p>\n<p>f) Gesti\u00f3n de comunicaciones institucionales y relaciones externas<\/p>\n<p>Gesti\u00f3n de las comunicaciones con familias, proveedores, entidades colaboradoras, candidatos, antiguos alumnos y otras personas interesadas relacionadas con la actividad del centro.<\/p>\n<p>g) Sistema Interno de Informaci\u00f3n (Canal de Denuncias)<\/p>\n<p>Gesti\u00f3n y tramitaci\u00f3n de las comunicaciones recibidas a trav\u00e9s del Sistema Interno de Informaci\u00f3n, de acuerdo con la Ley 2\/2023, de 20 de febrero, reguladora de la protecci\u00f3n de las personas que informen sobre infracciones normativas y de lucha contra la corrupci\u00f3n.<\/p>\n<p><b>BASES JUR\u00cdDICAS DEL TRATAMIENTO<\/b><\/p>\n<p>Los tratamientos de datos personales se fundamentan en:<\/p>\n<p>\u2013 el cumplimiento de obligaciones legales aplicables al centro educativo, en particular la normativa educativa vigente (art\u00edculo 6.1.c del RGPD);<\/p>\n<p>\u2013 la ejecuci\u00f3n de la relaci\u00f3n educativa y contractual establecida con el alumnado, sus familias, proveedores y otros colaboradores (art\u00edculo 6.1.b del RGPD);<\/p>\n<p>\u2013 el consentimiento expreso de las personas interesadas o de sus representantes legales, cuando \u00e9ste sea necesario (art\u00edculo 6.1.a del RGPD);<\/p>\n<p>\u2013 el cumplimiento de una obligaci\u00f3n legal en relaci\u00f3n con el Sistema Interno de Informaci\u00f3n (art\u00edculo 6.1.c del RGPD y Ley 2\/2023).<\/p>\n<p>Cuando el tratamiento incluya datos de categor\u00edas especiales, \u00e9ste se llevar\u00e1 a cabo de acuerdo con lo dispuesto en el art\u00edculo 9.2.g y\/o 9.2.h del RGPD, en relaci\u00f3n con la normativa educativa y de protecci\u00f3n del menor.<\/p>\n<p><b>DESTINATARIOS DE LOS DATOS<\/b><\/p>\n<p>Los datos personales podr\u00e1n ser comunicados, \u00fanicamente cuando sea necesario y de conformidad con la normativa aplicable, a:<\/p>\n<p>\u2013 Administraciones educativas competentes;<\/p>\n<p>\u2013 Ayuntamientos, en ejercicio de las competencias en materia de escolarizaci\u00f3n obligatoria;<\/p>\n<p>\u2013 Fuerzas y Cuerpos de Seguridad, servicios sociales o sanitarios, autoridades administrativas competentes y \u00f3rganos judiciales;<\/p>\n<p>\u2013 Entidades bancarias y aseguradoras, para la gesti\u00f3n de cobros, seguros escolares y obligaciones contractuales;<\/p>\n<p>\u2013 Empresas proveedoras de servicios escolares, actividades extraescolares o servicios complementarios, cuando la familia haya solicitado previamente la participaci\u00f3n;<\/p>\n<p>\u2013 \u00d3rganos internos y autoridades competentes en el marco del Sistema Interno de Informaci\u00f3n.<\/p>\n<p>No se prev\u00e9n transferencias internacionales de datos.<\/p>\n<p><b>PLAZOS DE CONSERVACI\u00d3N<\/b><\/p>\n<p>Los datos personales se conservar\u00e1n durante el tiempo necesario para cumplir las finalidades para las que fueron recogidas y, posteriormente, durante los plazos exigidos por la normativa aplicable.<\/p>\n<p>En particular:<\/p>\n<p>expedientes acad\u00e9micos: conservaci\u00f3n durante los plazos legalmente obligatorios;<\/p>\n<p>documentaci\u00f3n administrativa y econ\u00f3mica: plazos establecidos por la normativa fiscal y contable;<\/p>\n<p>\u2013 datos de contacto web: durante el tiempo necesario para gestionar la consulta y, posteriormente, durante los plazos de responsabilidad legal;<\/p>\n<p>\u2013 datos tratados sobre la base del consentimiento: mientras \u00e9ste se mantenga vigente o hasta que sea revocado;<\/p>\n<p>\u2013 datos del Sistema Interno de Informaci\u00f3n: m\u00e1ximo tres meses, salvo que deban conservarse debidamente bloqueados por obligaci\u00f3n legal o para la continuaci\u00f3n de la investigaci\u00f3n.<\/p>\n<p><b>DERECHOS DE LAS PERSONAS INTERESADAS<\/b><\/p>\n<p>Las personas interesadas pueden ejercer los derechos siguientes:<\/p>\n<p>\u2013 Derecho de acceso: permite conocer si la FUNDACI\u00d3N EDUCATIVA LA MERCED trata datos personales que le concierne y obtener informaci\u00f3n sobre estos datos y su tratamiento.<\/p>\n<p>\u2013 Derecho de rectificaci\u00f3n: permite solicitar la correcci\u00f3n de los datos personales inexactos o incompletos.<\/p>\n<p>\u2013 Derecho de supresi\u00f3n: permite solicitar la eliminaci\u00f3n de los datos personales cuando ya no sean necesarios para las finalidades para las que fueron recogidas, entre otros supuestos legalmente previstos.<\/p>\n<p>\u2013 Derecho de limitaci\u00f3n del tratamiento: permite solicitar que los datos personales sean conservados sin ser objeto de tratamiento activo, en determinadas circunstancias.<\/p>\n<p>\u2013 Derecho de oposici\u00f3n: permite oponerse al tratamiento de los datos personales por motivos relacionados con su situaci\u00f3n particular, cuando el tratamiento se base en el inter\u00e9s p\u00fablico o en el inter\u00e9s leg\u00edtimo.<\/p>\n<p>\u2013 Derecho a la portabilidad de los datos: permite recibir los datos personales facilitados en un formato estructurado, de uso com\u00fan y de lectura mec\u00e1nica, y transmitirlos a otro responsable cuando el tratamiento se base en el consentimiento o en un contrato.<\/p>\n<p>El ejercicio de los derechos se puede realizar mediante comunicaci\u00f3n escrita dirigida al Delegado de Protecci\u00f3n de Datos, a trav\u00e9s del correo electr\u00f3nico: <a href=\"mailto:encarna.hernandez@santfeliu.femlamerce.cat\">encarna.hernandez@santfeliu.femlamerce.cat<\/a><\/p>\n<p>En el marco del Sistema Interno de Informaci\u00f3n, el ejercicio de los derechos estar\u00e1 sujeto a las limitaciones previstas en el art\u00edculo 31 de la Ley 2\/2023.<\/p>\n<p><b>AUTORIDAD DE CONTROL<\/b><\/p>\n<p>Las personas interesadas tienen derecho a presentar una reclamaci\u00f3n ante la Agencia Espa\u00f1ola de Protecci\u00f3n de Datos (AEPD) si consideran que el tratamiento de sus datos personales no se ajusta a la normativa vigente.<\/p>\n<p><b>FECHA DE ACTUALIZACI\u00d3N<\/b><\/p>\n<p>Esta pol\u00edtica ha sido actualizada por \u00faltima vez el 25\/02\/2026.<\/p>\n<\/div>\n","protected":false},"excerpt":{"rendered":"<p>POL\u00cdTICA DE PROTECCI\u00d3N DE DATOS PERSONALES RESPONSABLE DEL TRATAMIENTO FUNDACI\u00d3N EDUCATIVA LA MERCED \u2013\u00a0 CIF: G63899603 Direcci\u00f3n Postal: c\/ Verge de la Merc\u00e8, 16 \u2013 08980 Sant Feliu de Llobregat Tel\u00e9fono: 976 276 583 Correo electr\u00f3nico: secretaria@santfeliu.femlamerce.cat La FUNDACI\u00d3N EDUCATIVA LA MERCED ha designado un Delegado\/Delegada de Protecci\u00f3n de Datos, de conformidad con el art\u00edculo 37 del Reglamento (UE) 2016\/679.&nbsp;<a href=\"https:\/\/femlamerced.org\/es\/politica-privacidad\/\">&hellip;<\/a><\/p>\n","protected":false},"author":2,"featured_media":0,"parent":0,"menu_order":0,"comment_status":"closed","ping_status":"open","template":"template-fullwidth.php","meta":{"_monsterinsights_skip_tracking":false,"_monsterinsights_sitenote_active":false,"_monsterinsights_sitenote_note":"","_monsterinsights_sitenote_category":0,"footnotes":""},"class_list":["post-3","page","type-page","status-publish","hentry","odd"],"_links":{"self":[{"href":"https:\/\/femlamerced.org\/es\/wp-json\/wp\/v2\/pages\/3","targetHints":{"allow":["GET"]}}],"collection":[{"href":"https:\/\/femlamerced.org\/es\/wp-json\/wp\/v2\/pages"}],"about":[{"href":"https:\/\/femlamerced.org\/es\/wp-json\/wp\/v2\/types\/page"}],"author":[{"embeddable":true,"href":"https:\/\/femlamerced.org\/es\/wp-json\/wp\/v2\/users\/2"}],"replies":[{"embeddable":true,"href":"https:\/\/femlamerced.org\/es\/wp-json\/wp\/v2\/comments?post=3"}],"version-history":[{"count":5,"href":"https:\/\/femlamerced.org\/es\/wp-json\/wp\/v2\/pages\/3\/revisions"}],"predecessor-version":[{"id":1413,"href":"https:\/\/femlamerced.org\/es\/wp-json\/wp\/v2\/pages\/3\/revisions\/1413"}],"wp:attachment":[{"href":"https:\/\/femlamerced.org\/es\/wp-json\/wp\/v2\/media?parent=3"}],"curies":[{"name":"wp","href":"https:\/\/api.w.org\/{rel}","templated":true}]}}