{"id":79,"date":"2016-02-25T10:49:43","date_gmt":"2016-02-25T10:49:43","guid":{"rendered":"http:\/\/local.school-time\/?page_id=5"},"modified":"2021-01-08T12:36:11","modified_gmt":"2021-01-08T12:36:11","slug":"home-default","status":"publish","type":"page","link":"https:\/\/femlamerced.org\/es\/","title":{"rendered":"Inicio"},"content":{"rendered":"<p>[vc_row][vc_column][layerslider_vc id=&#8221;1&#8243;][\/vc_column][\/vc_row][vc_row css=&#8221;.vc_custom_1456483761984{margin-bottom: 40px !important;}&#8221;][vc_column css=&#8221;.vc_custom_1459175242035{border-top-width: 1px !important;border-right-width: 1px !important;border-bottom-width: 1px !important;border-left-width: 1px !important;padding-top: 30px !important;padding-right: 33px !important;padding-bottom: 19px !important;padding-left: 33px !important;border-left-color: #cccccc !important;border-left-style: solid !important;border-right-color: #cccccc !important;border-right-style: solid !important;border-top-color: #cccccc !important;border-top-style: solid !important;border-bottom-color: #cccccc !important;border-bottom-style: solid !important;}&#8221; el_class=&#8221;wh-box-big wh-box-shadow&#8221; offset=&#8221;vc_col-lg-3&#8243;][vc_custom_heading text=&#8221;CAR\u00c1CTER PROPIO&#8221; font_container=&#8221;tag:h2|text_align:left|color:%23fca103&#8243; use_theme_fonts=&#8221;yes&#8221;][vc_column_text css=&#8221;.vc_custom_1578911781204{margin-bottom: 5px !important;}&#8221;]<span class=\"capital\">E<\/span>l proyecto educativo desarrollado en nuestros Centros se autocomprende como una oferta de valores centrada en las personas. La intervenci\u00f3n educativa personalizada se dirige a integrar conocimientos, destrezas y actitudes en el desarrollo pleno y arm\u00f3nico de cada persona, y se orienta a la construcci\u00f3n de una sociedad m\u00e1s justa.<\/p>\n<p>Los rasgos espec\u00edficos de nuestra propuesta educativa se expresan en el Car\u00e1cter Propio de Nuestros Centros.[\/vc_column_text][vc_custom_heading text=&#8221;Leer m\u00e1s&#8221; font_container=&#8221;tag:p|font_size:16px|text_align:left|color:%23fca205&#8243; google_fonts=&#8221;font_family:Raleway%3A100%2C200%2C300%2Cregular%2C500%2C600%2C700%2C800%2C900|font_style:400%20regular%3A400%3Anormal&#8221; link=&#8221;url:https%3A%2F%2Ffemlamerced.org%2Fes%2Fcaracter-propio%2F|title:Car%C3%A1cter%20propio&#8221; css=&#8221;.vc_custom_1610109284546{margin-top: 13px !important;}&#8221;][\/vc_column][vc_column width=&#8221;1\/3&#8243; offset=&#8221;vc_col-lg-3&#8243;][vc_single_image image=&#8221;785&#8243; img_size=&#8221;full&#8221; css=&#8221;.vc_custom_1578918574350{margin-bottom: 23px !important;}&#8221;][vc_custom_heading text=&#8221;LA FUNDACI\u00d3N&#8221; font_container=&#8221;tag:h3|text_align:left|color:%23fca103&#8243; use_theme_fonts=&#8221;yes&#8221; link=&#8221;url:%23|||&#8221;][vc_column_text css=&#8221;.vc_custom_1578913247296{margin-bottom: 0px !important;}&#8221;]<strong><span class=\"capital\">L<\/span>a Fundaci\u00f3n Educativa La Merced<\/strong> es una entidad sin \u00e1nimo de lucro creada para dotar de continuidad al proyecto educativo desarrollado por las Religiosas de Ntra. Sra. de la Merced desde 1860.[\/vc_column_text][vc_custom_heading text=&#8221;Leer m\u00e1s&#8221; font_container=&#8221;tag:p|font_size:16px|text_align:left|color:%23fca205&#8243; google_fonts=&#8221;font_family:Raleway%3A100%2C200%2C300%2Cregular%2C500%2C600%2C700%2C800%2C900|font_style:400%20regular%3A400%3Anormal&#8221; link=&#8221;url:https%3A%2F%2Ffemlamerced.org%2Fes%2Fla-fundacion%2F|title:LA%20FUNDACI%C3%93N&#8221; css=&#8221;.vc_custom_1610109306971{margin-top: 4px !important;}&#8221;][\/vc_column][vc_column width=&#8221;1\/3&#8243; offset=&#8221;vc_col-lg-3&#8243;][vc_single_image image=&#8221;787&#8243; img_size=&#8221;full&#8221; css=&#8221;.vc_custom_1578918567879{margin-bottom: 23px !important;}&#8221;][vc_custom_heading text=&#8221;TRANSPARENCIA&#8221; font_container=&#8221;tag:h3|text_align:left|color:%23fca103&#8243; use_theme_fonts=&#8221;yes&#8221; link=&#8221;url:%23|||&#8221;][vc_column_text css=&#8221;.vc_custom_1581934149711{margin-bottom: 0px !important;}&#8221;]Normativas, informaci\u00f3n institucional, cursos y proyectos.[\/vc_column_text][vc_custom_heading text=&#8221;Leer m\u00e1s&#8221; font_container=&#8221;tag:p|font_size:16px|text_align:left|color:%23fca205&#8243; google_fonts=&#8221;font_family:Raleway%3A100%2C200%2C300%2Cregular%2C500%2C600%2C700%2C800%2C900|font_style:400%20regular%3A400%3Anormal&#8221; link=&#8221;url:https%3A%2F%2Ffemlamerced.org%2Fes%2Finformacion-institucional%2F|title:Informaci%C3%B3n%20institucional&#8221; css=&#8221;.vc_custom_1610109330355{margin-top: 4px !important;}&#8221;][\/vc_column][vc_column width=&#8221;1\/3&#8243; offset=&#8221;vc_col-lg-3&#8243; css=&#8221;.vc_custom_1459850220000{margin-bottom: 0px !important;}&#8221;][vc_single_image image=&#8221;1294&#8243; img_size=&#8221;full&#8221; css=&#8221;.vc_custom_1602226583540{margin-bottom: 23px !important;}&#8221;][vc_custom_heading text=&#8221;PASTORAL&#8221; font_container=&#8221;tag:h3|text_align:left|color:%23fca103&#8243; use_theme_fonts=&#8221;yes&#8221; link=&#8221;url:%23|||&#8221;][vc_column_text]<\/p>\n<div class=\"page\" title=\"Page 1\">\n<div class=\"layoutArea\">\n<div class=\"column\">\n<p>La Acci\u00f3n Pastoral en la Fundaci\u00f3n Educativa la Merced<\/p>\n<\/div>\n<\/div>\n<\/div>\n<p>[\/vc_column_text][vc_empty_space height=&#8221;60px&#8221;]<a href=\"https:\/\/femlamerced.org\/wp-content\/uploads\/2020\/02\/01-La-Acci\u00f3n-Pastoral-en-la-FEM.pdf\" class=\"wh-alt-button  scp_theme_button-3e2f33160c58cfa76ba8dc445736ada2\">Descargar PDF<\/a>[\/vc_column][\/vc_row][vc_row][vc_column][vc_separator color=&#8221;custom&#8221; border_width=&#8221;2&#8243; el_width=&#8221;10&#8243; css=&#8221;.vc_custom_1576510106491{margin-top: 31px !important;}&#8221; accent_color=&#8221;#fca205&#8243;][\/vc_column][\/vc_row][vc_row][vc_column][vc_custom_heading text=&#8221;Fundaci\u00f3n Educativa la Merced en cifras&#8221; font_container=&#8221;tag:h2|text_align:center&#8221; use_theme_fonts=&#8221;yes&#8221;][\/vc_column][\/vc_row][vc_row][vc_column width=&#8221;1\/3&#8243;][vc_single_image image=&#8221;238&#8243; img_size=&#8221;150&#215;150&#8243; alignment=&#8221;center&#8221; css=&#8221;.vc_custom_1576509466444{margin-bottom: 0px !important;}&#8221;][vc_column_text]<\/p>\n<p style=\"text-align: center;\"><span style=\"color: #fca205; font-size: 60px;\">2.291<\/span> <span style=\"color: #808080; font-size: 20px;\">alumnado<\/span><\/p>\n<p>[\/vc_column_text][\/vc_column][vc_column width=&#8221;1\/3&#8243;][vc_single_image image=&#8221;239&#8243; img_size=&#8221;150&#215;150&#8243; alignment=&#8221;center&#8221; css=&#8221;.vc_custom_1576509759624{margin-bottom: 0px !important;}&#8221;][vc_column_text]<\/p>\n<p style=\"text-align: center;\"><span style=\"color: #fca205; font-size: 60px;\">171<\/span> <span style=\"color: #808080; font-size: 20px;\">docentes<\/span><\/p>\n<p>[\/vc_column_text][\/vc_column][vc_column width=&#8221;1\/3&#8243;][vc_single_image image=&#8221;895&#8243; img_size=&#8221;150&#215;150&#8243; alignment=&#8221;center&#8221; css=&#8221;.vc_custom_1580459967221{margin-bottom: 0px !important;}&#8221;][vc_column_text]<\/p>\n<p style=\"text-align: center;\"><span style=\"color: #fca205; font-size: 60px;\">27<\/span> <span style=\"color: #808080; font-size: 20px;\">administraci\u00f3n y servicios<\/span><\/p>\n<p>[\/vc_column_text][\/vc_column][\/vc_row][vc_row full_width=&#8221;stretch_row&#8221; css=&#8221;.vc_custom_1459506285327{padding-top: 50px !important;padding-bottom: 50px !important;background-color: #f8f8f8 !important;}&#8221; el_id=&#8221;contact-us&#8221;][vc_column width=&#8221;1\/2&#8243; css=&#8221;.vc_custom_1458739667740{padding-right: 50px !important;}&#8221;][vc_custom_heading text=&#8221;Nuestro Modelo Pedag\u00f3gico&#8221; use_theme_fonts=&#8221;yes&#8221; css=&#8221;.vc_custom_1581604787138{margin-bottom: 27px !important;}&#8221;][vc_tta_accordion shape=&#8221;square&#8221; spacing=&#8221;10&#8243; active_section=&#8221;&#8221; collapsible_all=&#8221;true&#8221; el_class=&#8221;wh-accordion&#8221;][vc_tta_section title=&#8221;Punto de partida&#8221; tab_id=&#8221;1456405893720-a55ec26a-b30a&#8221;][vc_column_text]Una sociedad globalizada y en proceso de cambio plantea retos y oportunidades diferentes a las \u00e9pocas anteriores. Los valores del evangelio configuran nuestra pr\u00e1ctica de cada d\u00eda y nuestra contribuci\u00f3n a una sociedad m\u00e1s justa. La inteligencia creativa e innovadora debe ser fuente de riqueza de la sociedad moderna que busca que las personas sean competentes, felices, libres, responsables y comprometidas. Pasamos de un modelo que transmite conocimiento a otro que genera conocimiento dentro del proceso de ense\u00f1anza-aprendizaje. Nuestra proyecci\u00f3n social es nuestra humilde pero obstinada contribuci\u00f3n al crecimiento de las personas y a la mejora de la sociedad.[\/vc_column_text][\/vc_tta_section][vc_tta_section title=&#8221;Competencia comunicativa y educaci\u00f3n pluriling\u00fce&#8221; tab_id=&#8221;1459431710406-ac532dcd-823a&#8221;][vc_column_text]La riqueza de la diversidad ling\u00fc\u00edstica y el contacto de diferentes lenguas en una misma realidad conlleva una gran oportunidad para enriquecer las actitudes de la comunidad educativa en relaci\u00f3n a las lenguas y las culturas.<br \/>\nPretendemos conseguir hablantes pluriling\u00fces competentes, promover la competencia comunicativa y el uso cotidiano de las diversas lenguas.[\/vc_column_text][\/vc_tta_section][vc_tta_section title=&#8221;Competencia cient\u00edfico-tecnol\u00f3gica y competencia digital&#8221; tab_id=&#8221;1459431657674-5da27ab1-7f94&#8243;][vc_column_text]Los problemas conectados con el mundo real, las ganas de saber y la curiosidad son motor y gu\u00eda del conocimiento.<\/p>\n<ul>\n<li>Promovemos las capacidades para resolver problemas a partir de conocimientos cient\u00edficos y t\u00e9cnicos, con sentido cr\u00edtico.<\/li>\n<li>Desarrollamos habilidades b\u00e1sicas para seleccionar, organizar e interpretar la informaci\u00f3n.<\/li>\n<li>Damos a conocer y ampliamos los m\u00e9todos de ciencia para identificar problemas.<\/li>\n<li>Experimentamos en el aula y reproducimos escenarios del mundo real en que el alumnado pueda investigar e intentar buscar soluciones.<\/li>\n<li>Utilizamos las tecnolog\u00edas digitales de forma eficiente y cr\u00edtica.<\/li>\n<\/ul>\n<p>[\/vc_column_text][\/vc_tta_section][vc_tta_section title=&#8221;Bienestar emocional y acompa\u00f1amiento personal&#8221; tab_id=&#8221;1456405893802-34ae454e-2a02&#8243;][vc_column_text]La atenci\u00f3n y el seguimiento personal son se\u00f1ales de identidad constitutivas de las escuelas FEM.<br \/>\nLa acci\u00f3n tutorial incorpora el compromiso para la educaci\u00f3n emocional y el bienestar psicosocial de los alumnos, busca sistematizar una acci\u00f3n educativa que es competencia de todo el equipo.[\/vc_column_text][\/vc_tta_section][vc_tta_section title=&#8221;La familia en la escuela: la corresponsabilidad educativa&#8221; tab_id=&#8221;1581605159889-db01e017-e221&#8243;][vc_column_text]Buscamos siempre una \u00f3ptima relaci\u00f3n entre familia y escuela, articulando recursos para permitir una comunicaci\u00f3n fluida, una informaci\u00f3n bidireccional, una colaboraci\u00f3n mutua y la implicaci\u00f3n de las familias en el proceso educativo escolar.[\/vc_column_text][\/vc_tta_section][vc_tta_section title=&#8221;Innovaci\u00f3n en la escuela: mirando hacia el futuro&#8221; tab_id=&#8221;1581605161960-f24652e1-23d8&#8243;][vc_column_text]La innovaci\u00f3n educativa no es un proyecto determinado, sino una actitud y un compromiso docente que emerge ante la necesidad de preparar a los alumnos para un futuro incierto y lleno de desaf\u00edos.<br \/>\nLa innovaci\u00f3n que promovemos es el cambio para la mejora continua, con la finalidad de ser m\u00e1s eficaces en la consecuci\u00f3n de nuestros objetivos educativos.[\/vc_column_text][\/vc_tta_section][vc_tta_section title=&#8221;Las relaciones de la escuela con el entorno&#8221; tab_id=&#8221;1581605222674-9147639e-ba39&#8243;][vc_column_text]La relaci\u00f3n de colaboraci\u00f3n con el entorno local y global que promovemos se justifica por la necesidad de conectar a los alumnos con el mundo en que vivimos y del que venimos, para ayudarlos a conocer c\u00f3mo somos, para educar valores de compromiso social y de solidaridad y para que aprendan a respetar y valorar la cultura propia y la de los dem\u00e1s.[\/vc_column_text][\/vc_tta_section][vc_tta_section title=&#8221;Atenci\u00f3n a la diversidad&#8221; tab_id=&#8221;1581605254397-044f0d3b-c0ce&#8221;][vc_column_text]Compartimos una visi\u00f3n abierta y flexible de los procesos de aprendizaje para que todos nuestros alumnos descubran su potencial para una vida digna y un futuro sostenible.<br \/>\nLa inclusi\u00f3n se consigue mediante el di\u00e1logo y el acompa\u00f1amiento, y con la complicidad de los alumnos y sus familiares.<br \/>\nEstamos comprometidos con la excelencia y la equidad.[\/vc_column_text][\/vc_tta_section][vc_tta_section title=&#8221;Qu\u00e9 y c\u00f3mo ense\u00f1ar y aprender a partir del modelo competencial&#8221; tab_id=&#8221;1581605283638-6a959f3a-55fb&#8221;][vc_column_text]Cada estudiante debe de ser el protagonista de su aprendizaje, ser consciente de este y llegar a un sentimiento de competencia personal que lo acompa\u00f1e a lo largo de la vida.<br \/>\nAprender a aprender: una competencia transversal.<br \/>\nOptamos por metodolog\u00edas que favorecen especialmente el aprendizaje competencial.<br \/>\nEl profesorado.<br \/>\nEs facilitador del aprendizaje, planifica las actividades, acompa\u00f1a y gu\u00eda a los alumnos a trav\u00e9s de sus aprendizajes.<br \/>\nFavorece el debate y la discusi\u00f3n, ayuda al planteamiento y resoluci\u00f3n de problemas en base a un trabajo cooperativo de los alumnos.<br \/>\nCon creatividad, innovaci\u00f3n y asumiendo un rol de investigaci\u00f3n.[\/vc_column_text][\/vc_tta_section][vc_tta_section title=&#8221;Modelo de Educaci\u00f3n Integral en las Escuelas FEM&#8221; tab_id=&#8221;1581605325149-2e3e0bcb-8858&#8243;][vc_column_text]Nuestra concepci\u00f3n liberadora de la educaci\u00f3n nos lleva a entender que, en la medida<br \/>\nen que la persona es m\u00e1s libre, su vida aumenta en plenitud.<br \/>\nPrincipios Rectores del Modelo Pedag\u00f3gico.<br \/>\nEl alumn@ es el centro | Educaci\u00f3n integral | Educaci\u00f3n de la interioridad | Educaci\u00f3n para la libertad (personas aut\u00f3nomas y cr\u00edticas) | Desarrollo de competencias | Educaci\u00f3n para el compromiso social | Atenci\u00f3n a los m\u00e1s vulnerables | Comunidad Educativa | Compromiso con el bienestar psicosocial del alumno | La innovaci\u00f3n como se\u00f1al de identidad.<br \/>\nEnse\u00f1ar y aprender en el siglo XXI.<br \/>\nEl aprendizaje es de naturaleza social: fomentar el aprendizaje cooperativo.<br \/>\nLas emociones son parte del aprendizaje.<br \/>\nEl aprendizaje ha de tener en cuenta las diferencias individuales.<br \/>\nEl esfuerzo de los alumnos es fundamental para el aprendizaje.<br \/>\nLa evaluaci\u00f3n continua favorece el aprendizaje.<br \/>\nAprender es construir conexiones horizontales.[\/vc_column_text][\/vc_tta_section][\/vc_tta_accordion][\/vc_column][vc_column width=&#8221;1\/2&#8243;][vc_single_image image=&#8221;1210&#8243; img_size=&#8221;full&#8221; onclick=&#8221;custom_link&#8221; css_animation=&#8221;zoomIn&#8221; link=&#8221;https:\/\/femlamerced.org\/es\/modelo-pedagogico\/&#8221;][\/vc_column][\/vc_row][vc_row full_width=&#8221;stretch_row&#8221; css=&#8221;.vc_custom_1459504448623{margin-bottom: -50px !important;padding-top: 20px !important;padding-bottom: 33px !important;}&#8221; el_class=&#8221;wh-background-accent-color&#8221;][vc_column css=&#8221;.vc_custom_1459851335896{margin-bottom: 0px !important;}&#8221;][vc_custom_heading text=&#8221;Escuela que educa y aprende&#8221; font_container=&#8221;tag:h2|font_size:40px|text_align:center|color:%23ffffff&#8221; use_theme_fonts=&#8221;yes&#8221;][\/vc_column][\/vc_row]<\/p>\n","protected":false},"excerpt":{"rendered":"<p>[vc_row][vc_column][layerslider_vc id=&#8221;1&#8243;][\/vc_column][\/vc_row][vc_row css=&#8221;.vc_custom_1456483761984{margin-bottom: 40px !important;}&#8221;][vc_column css=&#8221;.vc_custom_1459175242035{border-top-width: 1px !important;border-right-width: 1px !important;border-bottom-width: 1px !important;border-left-width: 1px !important;padding-top: 30px !important;padding-right: 33px !important;padding-bottom: 19px !important;padding-left: 33px !important;border-left-color: #cccccc !important;border-left-style: solid !important;border-right-color: #cccccc !important;border-right-style: solid !important;border-top-color: #cccccc !important;border-top-style: solid !important;border-bottom-color: #cccccc !important;border-bottom-style: solid !important;}&#8221; el_class=&#8221;wh-box-big wh-box-shadow&#8221; offset=&#8221;vc_col-lg-3&#8243;][vc_custom_heading text=&#8221;CAR\u00c1CTER PROPIO&#8221; font_container=&#8221;tag:h2|text_align:left|color:%23fca103&#8243; use_theme_fonts=&#8221;yes&#8221;][vc_column_text css=&#8221;.vc_custom_1578911781204{margin-bottom: 5px !important;}&#8221;]El proyecto educativo desarrollado en nuestros Centros se autocomprende como una oferta de&nbsp;<a href=\"https:\/\/femlamerced.org\/es\/\">&hellip;<\/a><\/p>\n","protected":false},"author":2,"featured_media":0,"parent":0,"menu_order":0,"comment_status":"closed","ping_status":"closed","template":"template-home.php","meta":{"_monsterinsights_skip_tracking":false,"_monsterinsights_sitenote_active":false,"_monsterinsights_sitenote_note":"","_monsterinsights_sitenote_category":0,"footnotes":""},"class_list":["post-79","page","type-page","status-publish","hentry","odd"],"_links":{"self":[{"href":"https:\/\/femlamerced.org\/es\/wp-json\/wp\/v2\/pages\/79","targetHints":{"allow":["GET"]}}],"collection":[{"href":"https:\/\/femlamerced.org\/es\/wp-json\/wp\/v2\/pages"}],"about":[{"href":"https:\/\/femlamerced.org\/es\/wp-json\/wp\/v2\/types\/page"}],"author":[{"embeddable":true,"href":"https:\/\/femlamerced.org\/es\/wp-json\/wp\/v2\/users\/2"}],"replies":[{"embeddable":true,"href":"https:\/\/femlamerced.org\/es\/wp-json\/wp\/v2\/comments?post=79"}],"version-history":[{"count":90,"href":"https:\/\/femlamerced.org\/es\/wp-json\/wp\/v2\/pages\/79\/revisions"}],"predecessor-version":[{"id":1307,"href":"https:\/\/femlamerced.org\/es\/wp-json\/wp\/v2\/pages\/79\/revisions\/1307"}],"wp:attachment":[{"href":"https:\/\/femlamerced.org\/es\/wp-json\/wp\/v2\/media?parent=79"}],"curies":[{"name":"wp","href":"https:\/\/api.w.org\/{rel}","templated":true}]}}